{"id":36,"date":"2021-06-03T22:23:54","date_gmt":"2021-06-03T20:23:54","guid":{"rendered":"http:\/\/arndt-betriebssicherheit.de\/wp_2016-06\/?page_id=36"},"modified":"2021-06-16T16:42:07","modified_gmt":"2021-06-16T14:42:07","slug":"brandschutz-evakuierungs-ersthelfer","status":"publish","type":"page","link":"https:\/\/arndt-betriebssicherheit.de\/?page_id=36","title":{"rendered":"Brandschutz, Evakuierungs- &#038; Ersthelfer"},"content":{"rendered":"\n<p><strong>Erste-Hilfe und Notfallausbildung<\/strong>&nbsp;sind wichtige Themen in jedem Unternehmen: Nicht nur um den gesetzlichen Anforderungen gerecht zu werden, sondern aus Verantwortung und Weitsicht.<\/p>\n\n\n\n<p><strong>Ersthelfer<\/strong>&nbsp;oder&nbsp;<strong>Betriebshelfer<\/strong>&nbsp;werden von den Berufsgenossenschaften in jedem Unternehmen gefordert. Die Ausbildung erstreckt sich \u00fcber 9 Unterrichtseinheiten \u00e1 45 Minuten und vermittelt in Theorie und Praxis folgende Inhalte:<\/p>\n\n\n\n<ol><li>Allgemeine Verhaltensweisen beim Auffinden einer Person<\/li><li>Lebensrettende Sofortma\u00dfnahmen<\/li><li>Herzdruckmassage<\/li><li>Beatmung<\/li><li>Stabile Seitenlage<\/li><li>Blutungen<\/li><li>Schock<\/li><li>Knochenbr\u00fcche, Gelenkverletzungen<\/li><li>Verbrennungen<\/li><li>Ver\u00e4tzungen<\/li><li>Vergiftungen<\/li><li>Unf\u00e4lle durch elektrischen Strom<\/li><li>Dokumentation von Erste-Hilfe-Leistungen<\/li><\/ol>\n\n\n\n<p>Nach der Grundausbildung folgt dann regelm\u00e4\u00dfig alle 2 Jahre die Fortbildung.<\/p>\n\n\n\n<p id=\"Brandschutzhelfer\">Die Ausbildung von&nbsp;<strong>Brandschutzhelfern<\/strong>&nbsp;erfolgt auf Grundlage der <a referrerpolicy=\"origin\" href=\"https:\/\/www.google.de\/url?sa=t&amp;rct=j&amp;q=&amp;esrc=s&amp;source=web&amp;cd=1&amp;ved=0ahUKEwjEkpfy6enSAhVDwxQKHc-VCA0QFggxMAA&amp;url=http%3A%2F%2Fwww.baua.de%2Fde%2FThemen-von-A-Z%2FArbeitsstaetten%2FASR%2Fpdf%2FASR-A2-2.pdf%3F__blob%3DpublicationFile&amp;usg=AFQjCNGJZDwdFnp22E6GsYnUVMiZO04oxw\">ASR&nbsp;A2.2&nbsp;|&nbsp;Ma\u00dfnahmen&nbsp;gegen&nbsp;Br\u00e4nde<\/a> sowie <a referrerpolicy=\"origin\" href=\"https:\/\/publikationen.dguv.de\/dguv\/pdf\/10002\/i-5182.pdf\">DGUV Information 205-023<\/a>. Neben der theoretischen Ausbildung \u00fcber Brandentstehung, Feuerl\u00f6scher und L\u00f6schmittel, Flucht und Rettung, werden die Teilnehmer am Feuertrainer mit der Handhabung der L\u00f6schger\u00e4te vertraut gemacht. Die Einweisung in den betrieblichen Aufgabenbereich, eine gemeinsame Begehung mit Begutachtung der Betriebssituation und abschlie\u00dfender Diskussion runden die Ausbildung ab.<\/p>\n\n\n\n<p>Auch die Evakuierung muss sichergestellt sein: <strong>Evakuierungshelfer<\/strong> k\u00fcmmern sich um diesen Teilbereich des Brandschutzes. Wichtig ist die m\u00f6glichst breite Aufstellung: Doppelte Funktionen sollen vermieden werden. Das m\u00f6glichst schnelle Verlassen des Geb\u00e4udes und das Eintreffen an der Sammelstelle mit Sicherstellen der Erstversorgung  k\u00f6nnen gerne unter Mitwirkung der \u00f6rtlichen Feuerwehr durchgef\u00fchrt werden.<\/p>\n\n\n\n<p><strong>Mitarbeiterschulungen<\/strong>&nbsp;zu verschiedenen Arbeitssicherheitsthemen, j\u00e4hrliche Unterweisungen von Staplerfahrern usw. bereiten wir f\u00fcr Sie vor und unterst\u00fctzen bei der Durchf\u00fchrung und Dokumentation.<\/p>\n\n\n\n<div class=\"wp-block-image\"><figure class=\"aligncenter size-large\"><img decoding=\"async\" width=\"1024\" height=\"614\" src=\"http:\/\/arndt-betriebssicherheit.de\/wp_2016-06\/wp-content\/uploads\/2021\/06\/Ausbildung-1024x614.png\" alt=\"\" class=\"wp-image-38\" srcset=\"https:\/\/arndt-betriebssicherheit.de\/wp-content\/uploads\/2021\/06\/Ausbildung-1024x614.png 1024w, https:\/\/arndt-betriebssicherheit.de\/wp-content\/uploads\/2021\/06\/Ausbildung-300x180.png 300w, https:\/\/arndt-betriebssicherheit.de\/wp-content\/uploads\/2021\/06\/Ausbildung-768x461.png 768w, https:\/\/arndt-betriebssicherheit.de\/wp-content\/uploads\/2021\/06\/Ausbildung-1536x922.png 1536w, https:\/\/arndt-betriebssicherheit.de\/wp-content\/uploads\/2021\/06\/Ausbildung-240x145.png 240w, https:\/\/arndt-betriebssicherheit.de\/wp-content\/uploads\/2021\/06\/Ausbildung.png 2000w\" sizes=\"(max-width: 1024px) 100vw, 1024px\" \/><figcaption>Reanimation in der Erste-Hilfe \/\/ Praxis-\u00dcbung am Feuertrainer<\/figcaption><\/figure><\/div>\n\n\n\n<figure class=\"wp-block-image size-large\"><img decoding=\"async\" width=\"1024\" height=\"665\" src=\"http:\/\/arndt-betriebssicherheit.de\/wp_2016-06\/wp-content\/uploads\/2021\/06\/E373CC75-E6FB-46A5-9454-88A12214F814-1024x665.jpeg\" alt=\"\" class=\"wp-image-255\" srcset=\"https:\/\/arndt-betriebssicherheit.de\/wp-content\/uploads\/2021\/06\/E373CC75-E6FB-46A5-9454-88A12214F814-1024x665.jpeg 1024w, https:\/\/arndt-betriebssicherheit.de\/wp-content\/uploads\/2021\/06\/E373CC75-E6FB-46A5-9454-88A12214F814-300x195.jpeg 300w, https:\/\/arndt-betriebssicherheit.de\/wp-content\/uploads\/2021\/06\/E373CC75-E6FB-46A5-9454-88A12214F814-768x499.jpeg 768w, https:\/\/arndt-betriebssicherheit.de\/wp-content\/uploads\/2021\/06\/E373CC75-E6FB-46A5-9454-88A12214F814-1536x998.jpeg 1536w, https:\/\/arndt-betriebssicherheit.de\/wp-content\/uploads\/2021\/06\/E373CC75-E6FB-46A5-9454-88A12214F814.jpeg 1995w\" sizes=\"(max-width: 1024px) 100vw, 1024px\" \/><\/figure>\n","protected":false},"excerpt":{"rendered":"<p>Erste-Hilfe und Notfallausbildung&nbsp;sind wichtige Themen in jedem Unternehmen: Nicht nur um den gesetzlichen Anforderungen gerecht zu werden, sondern aus Verantwortung und Weitsicht. Ersthelfer&nbsp;oder&nbsp;Betriebshelfer&nbsp;werden von den Berufsgenossenschaften in jedem Unternehmen gefordert. Die Ausbildung erstreckt sich \u00fcber 9 Unterrichtseinheiten \u00e1 45 Minuten<\/p>\n","protected":false},"author":1,"featured_media":218,"parent":5,"menu_order":2,"comment_status":"closed","ping_status":"closed","template":"","meta":{"_regular_price":[],"currency_symbol":[],"footnotes":""},"post_slider_layout_featured_media_urls":{"thumbnail":["https:\/\/arndt-betriebssicherheit.de\/wp-content\/uploads\/2021\/06\/image1-freigestellt-150x150.png",150,150,true],"post_slider_layout_landscape_large":["https:\/\/arndt-betriebssicherheit.de\/wp-content\/uploads\/2021\/06\/image1-freigestellt-1200x800.png",1200,800,true],"post_slider_layout_portrait_large":["https:\/\/arndt-betriebssicherheit.de\/wp-content\/uploads\/2021\/06\/image1-freigestellt-1200x1800.png",1200,1800,true],"post_slider_layout_square_large":["https:\/\/arndt-betriebssicherheit.de\/wp-content\/uploads\/2021\/06\/image1-freigestellt-1200x1200.png",1200,1200,true],"post_slider_layout_landscape":["https:\/\/arndt-betriebssicherheit.de\/wp-content\/uploads\/2021\/06\/image1-freigestellt-600x400.png",600,400,true],"post_slider_layout_portrait":["https:\/\/arndt-betriebssicherheit.de\/wp-content\/uploads\/2021\/06\/image1-freigestellt-600x900.png",600,900,true],"post_slider_layout_square":["https:\/\/arndt-betriebssicherheit.de\/wp-content\/uploads\/2021\/06\/image1-freigestellt-600x600.png",600,600,true],"full":["https:\/\/arndt-betriebssicherheit.de\/wp-content\/uploads\/2021\/06\/image1-freigestellt.png",2680,3616,false]},"_links":{"self":[{"href":"https:\/\/arndt-betriebssicherheit.de\/index.php?rest_route=\/wp\/v2\/pages\/36"}],"collection":[{"href":"https:\/\/arndt-betriebssicherheit.de\/index.php?rest_route=\/wp\/v2\/pages"}],"about":[{"href":"https:\/\/arndt-betriebssicherheit.de\/index.php?rest_route=\/wp\/v2\/types\/page"}],"author":[{"embeddable":true,"href":"https:\/\/arndt-betriebssicherheit.de\/index.php?rest_route=\/wp\/v2\/users\/1"}],"replies":[{"embeddable":true,"href":"https:\/\/arndt-betriebssicherheit.de\/index.php?rest_route=%2Fwp%2Fv2%2Fcomments&post=36"}],"version-history":[{"count":6,"href":"https:\/\/arndt-betriebssicherheit.de\/index.php?rest_route=\/wp\/v2\/pages\/36\/revisions"}],"predecessor-version":[{"id":256,"href":"https:\/\/arndt-betriebssicherheit.de\/index.php?rest_route=\/wp\/v2\/pages\/36\/revisions\/256"}],"up":[{"embeddable":true,"href":"https:\/\/arndt-betriebssicherheit.de\/index.php?rest_route=\/wp\/v2\/pages\/5"}],"wp:featuredmedia":[{"embeddable":true,"href":"https:\/\/arndt-betriebssicherheit.de\/index.php?rest_route=\/wp\/v2\/media\/218"}],"wp:attachment":[{"href":"https:\/\/arndt-betriebssicherheit.de\/index.php?rest_route=%2Fwp%2Fv2%2Fmedia&parent=36"}],"curies":[{"name":"wp","href":"https:\/\/api.w.org\/{rel}","templated":true}]}}